{"id":92,"date":"2014-01-06T19:12:15","date_gmt":"2014-01-06T17:12:15","guid":{"rendered":"http:\/\/www.buergerforum-steinerneshaus.de\/wordpress\/?page_id=92"},"modified":"2014-02-03T13:06:28","modified_gmt":"2014-02-03T11:06:28","slug":"das-steinerne-haus","status":"publish","type":"page","link":"https:\/\/www.buergerforum-steinerneshaus.de\/wordpress\/?page_id=92","title":{"rendered":"Das Steinerne Haus"},"content":{"rendered":"<p>Das wichtigste Vorhaben: die Wiederbelebung des Steinernen Hauses erfordert weiter Geduld, Kontaktaufnahmeversuche mit den Eigent\u00fcmern sind in der Vergangenheit immer wieder gescheitert. Wir machen trotzdem weiter, denn wir wollen, dass es rund um das historische Bauwerk so aussieht, wie auf der Zeichnung.<\/p>\n<div id=\"attachment_105\" style=\"width: 494px\" class=\"wp-caption alignnone\"><a href=\"http:\/\/www.buergerforum-steinerneshaus.de\/wordpress\/wp-content\/uploads\/2014\/01\/Steinernes-haus-1.jpg\"target=\"_blank\"><img loading=\"lazy\" decoding=\"async\" aria-describedby=\"caption-attachment-105\" src=\"http:\/\/www.buergerforum-steinerneshaus.de\/wordpress\/wp-content\/uploads\/2014\/01\/Steinernes-haus-1.jpg\" alt=\"Zeichnung: Eva Link\" width=\"484\" height=\"436\" class=\"size-full wp-image-105\" srcset=\"https:\/\/www.buergerforum-steinerneshaus.de\/wordpress\/wp-content\/uploads\/2014\/01\/Steinernes-haus-1.jpg 484w, https:\/\/www.buergerforum-steinerneshaus.de\/wordpress\/wp-content\/uploads\/2014\/01\/Steinernes-haus-1-300x270.jpg 300w\" sizes=\"(max-width: 484px) 100vw, 484px\" \/><\/a><p id=\"caption-attachment-105\" class=\"wp-caption-text\">Zeichnung: Eva Link<\/p><\/div>\n<p>Das B\u00fcrgerforum widmet sich unterdessen weiteren \u00f6ffentlichkeitswirksamen Projekten zur Steigerung der Attraktivit\u00e4t der B\u00fcdinger Altstadt durch Finanzierung von Einzelma\u00dfnahmen oder logistischer bzw. finanzieller Unterst\u00fctzung von privaten und \u00f6ffentlichen Vorhaben. Ziel ist u.a. die F\u00f6rderung des Interesses und der Verantwortlichkeit f\u00fcr die Altstadt in der Bev\u00f6lkerung, insbesondere der nachfolgenden Generation.<\/p>\n<p>Appell: Geduld, Ideen sammeln, aktive Mitarbeit.<br \/>\nStichwort Mitarbeit: Jeder, der mitmachen m\u00f6chte, ist bei uns willkommen!<\/p>\n","protected":false},"excerpt":{"rendered":"<p>Das wichtigste Vorhaben: die Wiederbelebung des Steinernen Hauses erfordert weiter Geduld, Kontaktaufnahmeversuche mit den Eigent\u00fcmern sind in der Vergangenheit immer wieder gescheitert. Wir machen trotzdem weiter, denn wir wollen, dass es rund um das historische Bauwerk so aussieht, wie auf der Zeichnung. Das B\u00fcrgerforum widmet sich unterdessen weiteren \u00f6ffentlichkeitswirksamen Projekten zur Steigerung der Attraktivit\u00e4t der [&hellip;]<\/p>\n","protected":false},"author":1,"featured_media":0,"parent":0,"menu_order":0,"comment_status":"closed","ping_status":"closed","template":"","meta":{"footnotes":""},"class_list":["post-92","page","type-page","status-publish","hentry"],"_links":{"self":[{"href":"https:\/\/www.buergerforum-steinerneshaus.de\/wordpress\/index.php?rest_route=\/wp\/v2\/pages\/92"}],"collection":[{"href":"https:\/\/www.buergerforum-steinerneshaus.de\/wordpress\/index.php?rest_route=\/wp\/v2\/pages"}],"about":[{"href":"https:\/\/www.buergerforum-steinerneshaus.de\/wordpress\/index.php?rest_route=\/wp\/v2\/types\/page"}],"author":[{"embeddable":true,"href":"https:\/\/www.buergerforum-steinerneshaus.de\/wordpress\/index.php?rest_route=\/wp\/v2\/users\/1"}],"replies":[{"embeddable":true,"href":"https:\/\/www.buergerforum-steinerneshaus.de\/wordpress\/index.php?rest_route=%2Fwp%2Fv2%2Fcomments&post=92"}],"version-history":[{"count":9,"href":"https:\/\/www.buergerforum-steinerneshaus.de\/wordpress\/index.php?rest_route=\/wp\/v2\/pages\/92\/revisions"}],"predecessor-version":[{"id":443,"href":"https:\/\/www.buergerforum-steinerneshaus.de\/wordpress\/index.php?rest_route=\/wp\/v2\/pages\/92\/revisions\/443"}],"wp:attachment":[{"href":"https:\/\/www.buergerforum-steinerneshaus.de\/wordpress\/index.php?rest_route=%2Fwp%2Fv2%2Fmedia&parent=92"}],"curies":[{"name":"wp","href":"https:\/\/api.w.org\/{rel}","templated":true}]}}