{"id":64,"date":"2014-01-06T18:03:15","date_gmt":"2014-01-06T16:03:15","guid":{"rendered":"http:\/\/www.buergerforum-steinerneshaus.de\/wordpress\/?page_id=64"},"modified":"2014-09-10T17:30:59","modified_gmt":"2014-09-10T15:30:59","slug":"bruecken-neuigkeiten","status":"publish","type":"page","link":"https:\/\/www.buergerforum-steinerneshaus.de\/wordpress\/?page_id=64","title":{"rendered":"Rund um den Br\u00fcckenbau"},"content":{"rendered":"<p><strong>Hier finden Sie alle Artikel zum Br\u00fcckenbau, die seit Beginn der eigentlichen Bauphase auf unserer Homepage ver\u00f6ffentlicht worden sind. Damit m\u00f6chten wir Ihnen Gelegenheit geben, sich einen \u00dcberblick \u00fcber das Projekt zu verschaffen und den Bau der Br\u00fccke mitzuverfolgen.<\/strong><\/p>\n<p><strong>Eingeweiht und den B\u00fcdingern \u00fcbergeben<\/strong><\/p>\n<p><em>(22. Juli 2014)<\/em> Jonas Throm hat unsere Einweihungsfeier mit Hilfe einer Drohne fotografiert. Sch\u00f6nes Foto. Das Besondere ist \u00fcbrigens, dass man die Br\u00fccke auf dem Foto suchen muss. Das zeigt, wie gut sie sich in das Stadtbild einf\u00fcgt. Sie befindet sich in der Mitte des linken Bilddrittels.<\/p>\n<p><a href=\"http:\/\/www.buergerforum-steinerneshaus.de\/wordpress\/wp-content\/uploads\/2014\/07\/G0026390.jpg\"target=_blank\"><img loading=\"lazy\" decoding=\"async\" src=\"http:\/\/www.buergerforum-steinerneshaus.de\/wordpress\/wp-content\/uploads\/2014\/07\/G0026390.jpg\" alt=\"DCIM103GOPRO\" width=\"700\" height=\"525\" class=\"alignright size-full wp-image-911\" srcset=\"https:\/\/www.buergerforum-steinerneshaus.de\/wordpress\/wp-content\/uploads\/2014\/07\/G0026390.jpg 700w, https:\/\/www.buergerforum-steinerneshaus.de\/wordpress\/wp-content\/uploads\/2014\/07\/G0026390-300x225.jpg 300w, https:\/\/www.buergerforum-steinerneshaus.de\/wordpress\/wp-content\/uploads\/2014\/07\/G0026390-624x468.jpg 624w\" sizes=\"(max-width: 700px) 100vw, 700px\" \/><em>der Empfang von oben<\/em><\/a><\/p>\n<p>Der Kreis-Anzeiger berichtet heute \u00fcber die Schlossm\u00fchlenbr\u00fccke &#8211; und zwar unter dem Titel: <a href=\"http:\/\/www.kreis-anzeiger.de\/lokales\/wetteraukreis\/buedingen\/symbol-fuer-buedinger-buergersinn_14353877.htm\" title=\"Symbol f\u00fcr B\u00fcdinger B\u00fcrgersinn\">Symbol f\u00fcr B\u00fcdinger B\u00fcrgersinn<\/a>.<\/p>\n<p>+++<\/p>\n<p><strong>Der Aufgang ist fertig<\/strong><\/p>\n<p><a href=\"http:\/\/www.buergerforum-steinerneshaus.de\/wordpress\/wp-content\/uploads\/2014\/07\/1-CAM00297.jpg\"target=_blank\"><img loading=\"lazy\" decoding=\"async\" src=\"http:\/\/www.buergerforum-steinerneshaus.de\/wordpress\/wp-content\/uploads\/2014\/07\/1-CAM00297.jpg\" alt=\"1-CAM00297\" width=\"700\" height=\"525\" class=\"alignright size-full wp-image-906\" srcset=\"https:\/\/www.buergerforum-steinerneshaus.de\/wordpress\/wp-content\/uploads\/2014\/07\/1-CAM00297.jpg 700w, https:\/\/www.buergerforum-steinerneshaus.de\/wordpress\/wp-content\/uploads\/2014\/07\/1-CAM00297-300x225.jpg 300w, https:\/\/www.buergerforum-steinerneshaus.de\/wordpress\/wp-content\/uploads\/2014\/07\/1-CAM00297-624x468.jpg 624w\" sizes=\"(max-width: 700px) 100vw, 700px\" \/><\/a><\/p>\n<p>+++<\/p>\n<p><strong>Sch\u00f6nes Handwerk<\/strong><br \/>\n<em><br \/>\n(15. Juli 2014)<\/em> Am Montag haben die Dachdecker das Dach eingeschalt, am Dienstagmorgen das Dach gedeckt. Die Biberschw\u00e4nze stammen von einem Kirchendach. Sie haben schon Patina und passen exzellent zur Holzbr\u00fccke. <\/p>\n<p><a href=\"http:\/\/www.buergerforum-steinerneshaus.de\/wordpress\/wp-content\/uploads\/2014\/07\/11-2014-07-15-12.00.14.jpg\"target=_blank\"><img loading=\"lazy\" decoding=\"async\" src=\"http:\/\/www.buergerforum-steinerneshaus.de\/wordpress\/wp-content\/uploads\/2014\/07\/11-2014-07-15-12.00.14.jpg\" alt=\"11-2014-07-15 12.00.14\" width=\"700\" height=\"591\" class=\"alignright size-full wp-image-901\" srcset=\"https:\/\/www.buergerforum-steinerneshaus.de\/wordpress\/wp-content\/uploads\/2014\/07\/11-2014-07-15-12.00.14.jpg 700w, https:\/\/www.buergerforum-steinerneshaus.de\/wordpress\/wp-content\/uploads\/2014\/07\/11-2014-07-15-12.00.14-300x253.jpg 300w, https:\/\/www.buergerforum-steinerneshaus.de\/wordpress\/wp-content\/uploads\/2014\/07\/11-2014-07-15-12.00.14-624x526.jpg 624w\" sizes=\"(max-width: 700px) 100vw, 700px\" \/><em>Dachdeckerarbeiten<\/em><\/a><\/p>\n<p>Auf dem Meliorsdamm wird gerade der Auf- und Abgang angepasst. <\/p>\n<p><a href=\"http:\/\/www.buergerforum-steinerneshaus.de\/wordpress\/wp-content\/uploads\/2014\/07\/11-2014-07-15-12.14.32.jpg\"target=_blank\"><img loading=\"lazy\" decoding=\"async\" src=\"http:\/\/www.buergerforum-steinerneshaus.de\/wordpress\/wp-content\/uploads\/2014\/07\/11-2014-07-15-12.14.32.jpg\" alt=\"11-2014-07-15 12.14.32\" width=\"700\" height=\"525\" class=\"alignright size-full wp-image-898\" srcset=\"https:\/\/www.buergerforum-steinerneshaus.de\/wordpress\/wp-content\/uploads\/2014\/07\/11-2014-07-15-12.14.32.jpg 700w, https:\/\/www.buergerforum-steinerneshaus.de\/wordpress\/wp-content\/uploads\/2014\/07\/11-2014-07-15-12.14.32-300x225.jpg 300w, https:\/\/www.buergerforum-steinerneshaus.de\/wordpress\/wp-content\/uploads\/2014\/07\/11-2014-07-15-12.14.32-624x468.jpg 624w\" sizes=\"(max-width: 700px) 100vw, 700px\" \/><em>Metallarbeiten<\/em><\/a><\/p>\n<p>+++<\/p>\n<p><strong>B\u00fcdingen hat ein neues Fotomotiv<\/strong><\/p>\n<div id=\"attachment_889\" style=\"width: 710px\" class=\"wp-caption alignright\"><a href=\"http:\/\/www.buergerforum-steinerneshaus.de\/wordpress\/wp-content\/uploads\/2014\/07\/1-2014-07-11-08.45.49.jpg\"target=_blank\"><img loading=\"lazy\" decoding=\"async\" aria-describedby=\"caption-attachment-889\" src=\"http:\/\/www.buergerforum-steinerneshaus.de\/wordpress\/wp-content\/uploads\/2014\/07\/1-2014-07-11-08.45.49.jpg\" alt=\"Schlossm\u00fchlenbr\u00fccke \" width=\"700\" height=\"525\" class=\"size-full wp-image-889\" srcset=\"https:\/\/www.buergerforum-steinerneshaus.de\/wordpress\/wp-content\/uploads\/2014\/07\/1-2014-07-11-08.45.49.jpg 700w, https:\/\/www.buergerforum-steinerneshaus.de\/wordpress\/wp-content\/uploads\/2014\/07\/1-2014-07-11-08.45.49-300x225.jpg 300w, https:\/\/www.buergerforum-steinerneshaus.de\/wordpress\/wp-content\/uploads\/2014\/07\/1-2014-07-11-08.45.49-624x468.jpg 624w\" sizes=\"(max-width: 700px) 100vw, 700px\" \/><\/a><p id=\"caption-attachment-889\" class=\"wp-caption-text\">Schlossm\u00fchlenbr\u00fccke<\/p><\/div>\n<p>Diese sch\u00f6ne L\u00e4rchenholzbr\u00fccke mit dem Schlossturm im Hintergrund wird sich zu einem der beliebten Fotomotive in B\u00fcdingen entwickeln. Hand drauf!<\/p>\n<p>+++<\/p>\n<p><strong>Das war ein echter Br\u00fcckentag gestern!<\/strong><\/p>\n<p><em>(10. Juli 2013) <\/em>Am Donnerstag ist die neue Schlossm\u00fchlenbr\u00fccke vom Busparkplatz an der M\u00fchltorstra\u00dfe an ihren Standort verschwenkt worden. Ein fast 100 Tonnen schwerer Kran hob die mehr als zehn Tonnen schwere Holzbr\u00fccke scheinbar m\u00fchelos hoch in die Luft und \u00fcber die Stra\u00dfe. <\/p>\n<p><a href=\"http:\/\/www.buergerforum-steinerneshaus.de\/wordpress\/wp-content\/uploads\/2014\/07\/1-IMG_08171.jpg\"target=_blank\"><img loading=\"lazy\" decoding=\"async\" src=\"http:\/\/www.buergerforum-steinerneshaus.de\/wordpress\/wp-content\/uploads\/2014\/07\/1-IMG_08171.jpg\" alt=\"1-IMG_0817\" width=\"1024\" height=\"768\" class=\"alignright size-full wp-image-884\" srcset=\"https:\/\/www.buergerforum-steinerneshaus.de\/wordpress\/wp-content\/uploads\/2014\/07\/1-IMG_08171.jpg 1024w, https:\/\/www.buergerforum-steinerneshaus.de\/wordpress\/wp-content\/uploads\/2014\/07\/1-IMG_08171-300x225.jpg 300w, https:\/\/www.buergerforum-steinerneshaus.de\/wordpress\/wp-content\/uploads\/2014\/07\/1-IMG_08171-624x468.jpg 624w\" sizes=\"(max-width: 1024px) 100vw, 1024px\" \/><em>Noch ist die Br\u00fccke in der Luft<\/em><\/a><\/p>\n<p>Bis zuletzt war die Anspannung gro\u00df gewesen beim Br\u00fcckenbauteam um Reinhold Melzer und Dieter Gottmann. Doch nach vier Stunden zentimetergenauer Ma\u00dfarbeit war es geschafft: Unter dem Applaus der Zuschauer wurde die Br\u00fccke auf die vier Sandsteinkonsolen in den Mauern links und rechts des Bachlaufs gesetzt. \u201eEs wird wohl das einzige Mal sein, dass wir so etwas erleben d\u00fcrfen\u201c, sagte eine der Zuschauerinnen anschlie\u00dfend begeistert. Bis zur Kulturnacht haben die Handwerker noch einiges zu tun: Das Dach wird eingeschalt und mit Biberschw\u00e4nzen gedeckt, Auf- und Abgang m\u00fcssen angebracht werden und der Br\u00fcckendurchgang bekommt einen Bodenbelag. Gestrichen wird die Br\u00fccke nicht. Das L\u00e4rchenholz soll verwittern und bekommt so eine nat\u00fcrliche, silbrige Patina. <\/p>\n<p>Zur B\u00fcdinger Kulturnacht wird alles fertig sein. Dann k\u00f6nnen G\u00e4ste der \u201eMagischen Nacht\u201c \u00fcber die neue Br\u00fccke schlendern, sich im Zelt des B\u00fcrgerforums Steinernes Haus bei einem Glas Wein und Fingerfood auf den Abend einstimmen und anschlie\u00dfend auf dem Meliorsdamm in die Altstadt schlendern.<\/p>\n<p>Hier geht es zum Bericht der Hessenschau: <a href=\"http:\/\/www.hr-online.de\/website\/fernsehen\/sendungen\/index.jsp?jmpage=1&#038;rubrik=5300&#038;mediakey=fs%2Fhessenschau%2F2014_07%2F140710200441_hs_bruecke_34542&#038;type=v&#038;jm=5&#038;key=standard_document_52338097\"target=_blank\">Schloss(m\u00fchlen)br\u00fccke eingehoben<\/a><br \/>\nVielen Dank, Caroline Alsheimer und Ihrem ganzen Team!<\/p>\n<p>+++<\/p>\n<p><strong>Am Donnerstag wird die Br\u00fccke verschwenkt<\/strong><\/p>\n<p>(<em>9. Juli 2014<\/em>) Noch sind die Zimmerleute und Helfer unter anderem dabei, die Holzbr\u00fccke zu verschalen. <\/p>\n<p><a href=\"http:\/\/www.buergerforum-steinerneshaus.de\/wordpress\/wp-content\/uploads\/2014\/07\/11-P1000773.jpg\"target=-blank\"><img loading=\"lazy\" decoding=\"async\" src=\"http:\/\/www.buergerforum-steinerneshaus.de\/wordpress\/wp-content\/uploads\/2014\/07\/11-P1000773.jpg\" alt=\"11-P1000773\" width=\"1000\" height=\"472\" class=\"alignright size-full wp-image-821\" srcset=\"https:\/\/www.buergerforum-steinerneshaus.de\/wordpress\/wp-content\/uploads\/2014\/07\/11-P1000773.jpg 1000w, https:\/\/www.buergerforum-steinerneshaus.de\/wordpress\/wp-content\/uploads\/2014\/07\/11-P1000773-300x141.jpg 300w, https:\/\/www.buergerforum-steinerneshaus.de\/wordpress\/wp-content\/uploads\/2014\/07\/11-P1000773-624x294.jpg 624w\" sizes=\"(max-width: 1000px) 100vw, 1000px\" \/><em>Panoramafoto-Perspektive.<\/em><\/a><\/p>\n<p>Doch am Donnerstagmorgen ist es soweit. Dann wird die neue Schlossm\u00fchlenbr\u00fccke von einem etwa hundert Tonnen schweren Kran vom Busparkplatz auf die Auflager in der Sandsteinmauer links und rechts des Seemenbachs gehoben. Gegen 10 Uhr ist es soweit. Zaung\u00e4ste sollten allerdings Zeit mitbringen. Es wird eine Weile dauern.<\/p>\n<p><a href=\"http:\/\/www.buergerforum-steinerneshaus.de\/wordpress\/wp-content\/uploads\/2014\/07\/1P1000782.jpg\"target=_blank\"><img loading=\"lazy\" decoding=\"async\" src=\"http:\/\/www.buergerforum-steinerneshaus.de\/wordpress\/wp-content\/uploads\/2014\/07\/1P1000782.jpg\" alt=\"1P1000782\" width=\"1000\" height=\"323\" class=\"alignright size-full wp-image-819\" srcset=\"https:\/\/www.buergerforum-steinerneshaus.de\/wordpress\/wp-content\/uploads\/2014\/07\/1P1000782.jpg 1000w, https:\/\/www.buergerforum-steinerneshaus.de\/wordpress\/wp-content\/uploads\/2014\/07\/1P1000782-300x96.jpg 300w, https:\/\/www.buergerforum-steinerneshaus.de\/wordpress\/wp-content\/uploads\/2014\/07\/1P1000782-624x201.jpg 624w\" sizes=\"(max-width: 1000px) 100vw, 1000px\" \/><em>Hierher wird die Br\u00fccke verschwenkt.<\/em><\/a><\/p>\n<p>+++<\/p>\n<p><strong>Handwerkskunst und schweres Ger\u00e4t<\/strong><\/p>\n<p>(<em>4. Juli 2014<\/em>) Wer in j\u00fcngster Zeit am B\u00fcdinger Schlossm\u00fchlenparkplatz vorbeigekommen ist, mag sich gefragt haben, was dort gerade passiert: Wo sonst Reisebusse aus ganz Deutschland ihre G\u00e4ste auf den Platz ausspeien, standen tagelang einsame Bauz\u00e4une. Seit Anfang der Woche nun werden schwere Holzbalken zu einer Konstruktion zusammengef\u00fcgt, die an Fachwerkbauten oder Dachst\u00fchle erinnert. Die Antwort: Auf dem gro\u00dfen Busparkplatz wird gerade die neue Schlossm\u00fchlenbr\u00fccke errichtet.<\/p>\n<div id=\"attachment_790\" style=\"width: 710px\" class=\"wp-caption alignright\"><a href=\"http:\/\/www.buergerforum-steinerneshaus.de\/wordpress\/wp-content\/uploads\/2014\/07\/11-P1080516.jpg\"target=_blank\"><img loading=\"lazy\" decoding=\"async\" aria-describedby=\"caption-attachment-790\" src=\"http:\/\/www.buergerforum-steinerneshaus.de\/wordpress\/wp-content\/uploads\/2014\/07\/11-P1080516.jpg\" alt=\"Zimmerm\u00e4nner: Thorsten Rack. Nico Alt und Dieter Gottmann\" width=\"700\" height=\"468\" class=\"size-full wp-image-790\" srcset=\"https:\/\/www.buergerforum-steinerneshaus.de\/wordpress\/wp-content\/uploads\/2014\/07\/11-P1080516.jpg 700w, https:\/\/www.buergerforum-steinerneshaus.de\/wordpress\/wp-content\/uploads\/2014\/07\/11-P1080516-300x200.jpg 300w, https:\/\/www.buergerforum-steinerneshaus.de\/wordpress\/wp-content\/uploads\/2014\/07\/11-P1080516-624x417.jpg 624w\" sizes=\"(max-width: 700px) 100vw, 700px\" \/><p id=\"caption-attachment-790\" class=\"wp-caption-text\">Zimmerm\u00e4nner: Thorsten Rack. Nico Alt und Dieter Gottmann<\/a><\/p><\/div>\n<p>Sie wird von der M\u00fchltorstra\u00dfe auf den malerischen Meliorsdamm f\u00fchren und vom 19.Juli an Fu\u00dfg\u00e4ngern die M\u00f6glichkeit er\u00f6ffnen, die stark befahrene Bundesstra\u00dfe Richtung Vogelsberg zu umgehen. Bereits vor Jahren hatte das B\u00fcrgerforum erkannt, wie dringend an dieser Stelle eine Fu\u00dfg\u00e4ngerbr\u00fccke gebraucht wird. Deshalb hatte der Vereinsvorstand dem B\u00fcdinger F\u00fcrstenhaus vorgeschlagen, die alte Pferdebr\u00fccke \u00fcber den Seemenbach auf Vereinskosten instand zu setzen und der \u00d6ffentlichkeit zur Mitnutzung zur Verf\u00fcgung zu stellen. Das F\u00fcrstenhaus reagierte zur\u00fcckhaltend. Also beschloss das B\u00fcrgerforum, eine neue Holzbr\u00fccke zu bauen \u2013 unter der Federf\u00fchrung des erfahrenen Architekten Reinhold Melzer und mit breiter Unterst\u00fctzung des B\u00fcdinger Stadtparlaments. Als im November des vergangenen Jahres die Baugenehmigung endlich vorlag, konnte der Verein loslegen. <\/p>\n<p>Die Br\u00fcckenteile, die in den letzten Wochen in der Zimmerei von Dieter Gottmann im nahen Bleichbach vorbereitet worden sind, werden seit Montag von Zimmerleuten aus der Region zusammengebaut. Immer wieder verweilen Neugierige am Bauzaun. Schlie\u00dflich hat man nicht alle Tage Gelegenheit, Zimmerm\u00e4nnern zu ebener Erde bei der Arbeit zuzuschauen. Au\u00dferdem ist es in der Tat etwas Besonderes mitzuerleben, wie aus den Balken innerhalb von wenig mehr als zwei Wochen ein handwerklich anspruchsvolles Holzbauwerk entsteht.<\/p>\n<div id=\"attachment_792\" style=\"width: 710px\" class=\"wp-caption alignright\"><a href=\"http:\/\/www.buergerforum-steinerneshaus.de\/wordpress\/wp-content\/uploads\/2014\/07\/11Foto-1.jpg\"target=_blank\"><img loading=\"lazy\" decoding=\"async\" aria-describedby=\"caption-attachment-792\" src=\"http:\/\/www.buergerforum-steinerneshaus.de\/wordpress\/wp-content\/uploads\/2014\/07\/11Foto-1.jpg\" alt=\"Matthias Eckhardt und Daniel Bandlow\" width=\"700\" height=\"831\" class=\"size-full wp-image-792\" srcset=\"https:\/\/www.buergerforum-steinerneshaus.de\/wordpress\/wp-content\/uploads\/2014\/07\/11Foto-1.jpg 700w, https:\/\/www.buergerforum-steinerneshaus.de\/wordpress\/wp-content\/uploads\/2014\/07\/11Foto-1-252x300.jpg 252w, https:\/\/www.buergerforum-steinerneshaus.de\/wordpress\/wp-content\/uploads\/2014\/07\/11Foto-1-624x740.jpg 624w\" sizes=\"(max-width: 700px) 100vw, 700px\" \/><p id=\"caption-attachment-792\" class=\"wp-caption-text\">Matthias Eckhardt und Daniel Bandlow<\/a><\/p><\/div>\n<p>Etwa zeitgleich mit dem Start der Holzarbeiten auf dem Busparkplatz sind die Sandsteinkonsolen f\u00fcr die Schlossm\u00fchlenbr\u00fccke in die Steinmauern links und rechts des Seemenbachs eingepasst worden \u2013 und zwar zwei auf jeder Seite des Bachlaufs. Etwa 140 Kilogramm wiegt eine dieser Konsolen, die Baufachmann Franz Wenzel gemeinsam mit Edgar Pfeifer und einigen Helfern innerhalb weniger Tage in die Mauer einzementiert hat. <\/p>\n<div id=\"attachment_797\" style=\"width: 710px\" class=\"wp-caption alignright\"><a href=\"http:\/\/www.buergerforum-steinerneshaus.de\/wordpress\/wp-content\/uploads\/2014\/07\/1-Foto-4.jpg\"target=_blank\"><img loading=\"lazy\" decoding=\"async\" aria-describedby=\"caption-attachment-797\" src=\"http:\/\/www.buergerforum-steinerneshaus.de\/wordpress\/wp-content\/uploads\/2014\/07\/1-Foto-4.jpg\" alt=\"Franz Wenzel und Edgar Pfeifer\" width=\"700\" height=\"525\" class=\"size-full wp-image-797\" srcset=\"https:\/\/www.buergerforum-steinerneshaus.de\/wordpress\/wp-content\/uploads\/2014\/07\/1-Foto-4.jpg 700w, https:\/\/www.buergerforum-steinerneshaus.de\/wordpress\/wp-content\/uploads\/2014\/07\/1-Foto-4-300x225.jpg 300w, https:\/\/www.buergerforum-steinerneshaus.de\/wordpress\/wp-content\/uploads\/2014\/07\/1-Foto-4-624x468.jpg 624w\" sizes=\"(max-width: 700px) 100vw, 700px\" \/><p id=\"caption-attachment-797\" class=\"wp-caption-text\">Franz Wenzel und Edgar Pfeifer<\/a><\/p><\/div>\n<p>Das B\u00fcrgerforum rechnet fest damit, dass die Br\u00fccke bis zum 19. Juli in Betrieb genommen werden kann. \u201eEs ist nicht auszuschlie\u00dfen, dass wir nach diesem Termin noch einige kleinere Arbeiten ausf\u00fchren m\u00fcssen. Aber am 19. Juli werden die Kulturnachtsbesucher \u00fcber die Br\u00fccke in die Altstadt gehen k\u00f6nnen\u201c, ist sich B\u00fcrgerforumschef Hubertus Protz sicher.<\/p>\n<p>Viele Arbeiten hat das B\u00fcrgerforum Steinernes Haus in Eigenleistung erbracht: Die Mitglieder haben die Mauer links und rechts des Bachlaufs von Efeu und Gestr\u00fcpp befreit; in der Bleichenbacher Zimmerei wurde gemeinsam geschliffen und gehobelt. Und dann m\u00fcssen die Handwerker auf dem Busparkplatz mit Speisen und Getr\u00e4nken versorgt werden. <\/p>\n<div id=\"attachment_799\" style=\"width: 710px\" class=\"wp-caption alignright\"><a href=\"http:\/\/www.buergerforum-steinerneshaus.de\/wordpress\/wp-content\/uploads\/2014\/07\/1-P1000738.jpg\"target=_blank=><img loading=\"lazy\" decoding=\"async\" aria-describedby=\"caption-attachment-799\" src=\"http:\/\/www.buergerforum-steinerneshaus.de\/wordpress\/wp-content\/uploads\/2014\/07\/1-P1000738.jpg\" alt=\"Thorsten Rack, Dieter Gottmann und Stefan Pracht\" width=\"700\" height=\"525\" class=\"size-full wp-image-799\" srcset=\"https:\/\/www.buergerforum-steinerneshaus.de\/wordpress\/wp-content\/uploads\/2014\/07\/1-P1000738.jpg 700w, https:\/\/www.buergerforum-steinerneshaus.de\/wordpress\/wp-content\/uploads\/2014\/07\/1-P1000738-300x225.jpg 300w, https:\/\/www.buergerforum-steinerneshaus.de\/wordpress\/wp-content\/uploads\/2014\/07\/1-P1000738-624x468.jpg 624w\" sizes=\"(max-width: 700px) 100vw, 700px\" \/><p id=\"caption-attachment-799\" class=\"wp-caption-text\">Thorsten Rack, Dieter Gottmann und Stefan Pracht<\/a><\/p><\/div>\n<p>Viele freiwillige Helfer packen ehrenamtlich an. Dennoch ist der Verein nach wie vor auf Geldspenden f\u00fcr den Bau der Br\u00fccke angewiesen. Das liegt auch an unvorhergesehenen Kosten: Erst am Dienstag dieser Woche musste Protz gemeinsam mit dem Architekten einen 55 Tonnen-Leihkran aus Gelnhausen-H\u00f6chst zur Baustelle beordern, um das mittlere Br\u00fcckenteil mit seinen zwei Tonnen Gewicht auf ein Metallger\u00fcst zu hieven. <\/p>\n<p><a href=\"http:\/\/www.buergerforum-steinerneshaus.de\/wordpress\/wp-content\/uploads\/2014\/07\/1-55-Tonnen-Kran-hebt-2-Tonnen-Br\u00fcckenteil.jpg\"target=_blank\"><img loading=\"lazy\" decoding=\"async\" src=\"http:\/\/www.buergerforum-steinerneshaus.de\/wordpress\/wp-content\/uploads\/2014\/07\/1-55-Tonnen-Kran-hebt-2-Tonnen-Br\u00fcckenteil.jpg\" alt=\"1-55 Tonnen-Kran hebt 2 Tonnen-Br\u00fcckenteil\" width=\"700\" height=\"565\" class=\"alignright size-full wp-image-788\" srcset=\"https:\/\/www.buergerforum-steinerneshaus.de\/wordpress\/wp-content\/uploads\/2014\/07\/1-55-Tonnen-Kran-hebt-2-Tonnen-Br\u00fcckenteil.jpg 700w, https:\/\/www.buergerforum-steinerneshaus.de\/wordpress\/wp-content\/uploads\/2014\/07\/1-55-Tonnen-Kran-hebt-2-Tonnen-Br\u00fcckenteil-300x242.jpg 300w, https:\/\/www.buergerforum-steinerneshaus.de\/wordpress\/wp-content\/uploads\/2014\/07\/1-55-Tonnen-Kran-hebt-2-Tonnen-Br\u00fcckenteil-624x503.jpg 624w\" sizes=\"(max-width: 700px) 100vw, 700px\" \/>Kran-Ballett<\/a><\/p>\n<p>Erst anschlie\u00dfend konnten Dachdeckermeister Stefan Pracht, Zimmermann Ulrich Br\u00f6g und die drei Gesellen der Grebenhainer Zimmerei Kn\u00f6ss weiterarbeiten. Eigentlich war geplant gewesen, das Br\u00fcckenteil mit einem kleineren Kran zu heben. \u201cDen h\u00e4tte Stefan Pracht fast kostenfrei zur Verf\u00fcgung stellen k\u00f6nnen. Leider hat das nicht geklappt: Der kleinere Kran hat das Zwei-Tonnen-Teil nicht hochheben k\u00f6nnen, ohne selbst abzuheben\u201c, sagt Zimmermann Dieter Gottmann, unter dessen fachm\u00e4nnischer Aufsicht die Holzarbeiten ausgef\u00fchrt werden. Auch f\u00fcr die drei Zimmergesellen aus Grebenhain ist der Br\u00fcckenbau \u00fcbrigens etwas Besonderes: In ihrer allt\u00e4glichen Arbeit restaurieren sie Kirchen und deren Dachst\u00fchle. \u201eEs ist das erste Mal, dass wir etwas Neues bauen\u201c, hat einer von ihnen dem Vereinsvorsitzenden Hubertus Protz am Mittwoch erz\u00e4hlt.<\/p>\n<p><a href=\"http:\/\/www.buergerforum-steinerneshaus.de\/wordpress\/wp-content\/uploads\/2014\/07\/1-P1080721.jpg\"target=_blank\"><img loading=\"lazy\" decoding=\"async\" src=\"http:\/\/www.buergerforum-steinerneshaus.de\/wordpress\/wp-content\/uploads\/2014\/07\/1-P1080721.jpg\" alt=\"1-P1080721\" width=\"700\" height=\"468\" class=\"alignright size-full wp-image-785\" srcset=\"https:\/\/www.buergerforum-steinerneshaus.de\/wordpress\/wp-content\/uploads\/2014\/07\/1-P1080721.jpg 700w, https:\/\/www.buergerforum-steinerneshaus.de\/wordpress\/wp-content\/uploads\/2014\/07\/1-P1080721-300x200.jpg 300w, https:\/\/www.buergerforum-steinerneshaus.de\/wordpress\/wp-content\/uploads\/2014\/07\/1-P1080721-624x417.jpg 624w\" sizes=\"(max-width: 700px) 100vw, 700px\" \/>Dieter Gottmann<\/a><\/p>\n<p>Spenden f\u00fcr den Br\u00fcckenbau nimmt das B\u00fcrgerforum gern entgegen. Hier die Kontodaten: Sparkasse Oberhessen, Bankleitzahl 518 500 79, Kontonummer: 120 064 843. Alle Spender nehmen \u00fcbrigens an einer Tombola teil. Verlost werden Fu\u00dfballb\u00fccher in einem Gesamtwert von 800 Euro.<\/p>\n<p>+++<\/p>\n<p><strong>Impressionen vom Schlossm\u00fchlenparkplatz<\/strong><\/p>\n<p>(<em>30. Juni 2014<\/em>) Die Zimmerleute sind am Montag auf den Schlossm\u00fchlenparkplatz umgezogen. Hier werden nur die Holzteile zusammengef\u00fcgt, die in den vergangenen Wochen in der Zimmerei von Dieter Gottmann vorbereitet worden sind.<br \/>\n<a href=\"http:\/\/www.buergerforum-steinerneshaus.de\/wordpress\/wp-content\/uploads\/2014\/07\/1P1080376.jpg\"target=_blank\"><img loading=\"lazy\" decoding=\"async\" src=\"http:\/\/www.buergerforum-steinerneshaus.de\/wordpress\/wp-content\/uploads\/2014\/07\/1P1080376.jpg\" alt=\"1P1080376\" width=\"700\" height=\"468\" class=\"alignright size-full wp-image-771\" srcset=\"https:\/\/www.buergerforum-steinerneshaus.de\/wordpress\/wp-content\/uploads\/2014\/07\/1P1080376.jpg 700w, https:\/\/www.buergerforum-steinerneshaus.de\/wordpress\/wp-content\/uploads\/2014\/07\/1P1080376-300x200.jpg 300w, https:\/\/www.buergerforum-steinerneshaus.de\/wordpress\/wp-content\/uploads\/2014\/07\/1P1080376-624x417.jpg 624w\" sizes=\"(max-width: 700px) 100vw, 700px\" \/><\/a><\/p>\n<p><a href=\"http:\/\/www.buergerforum-steinerneshaus.de\/wordpress\/wp-content\/uploads\/2014\/07\/1P1080379.jpg\"target=_blank\"><img loading=\"lazy\" decoding=\"async\" src=\"http:\/\/www.buergerforum-steinerneshaus.de\/wordpress\/wp-content\/uploads\/2014\/07\/1P1080379.jpg\" alt=\"1P1080379\" width=\"700\" height=\"468\" class=\"alignright size-full wp-image-772\" srcset=\"https:\/\/www.buergerforum-steinerneshaus.de\/wordpress\/wp-content\/uploads\/2014\/07\/1P1080379.jpg 700w, https:\/\/www.buergerforum-steinerneshaus.de\/wordpress\/wp-content\/uploads\/2014\/07\/1P1080379-300x200.jpg 300w, https:\/\/www.buergerforum-steinerneshaus.de\/wordpress\/wp-content\/uploads\/2014\/07\/1P1080379-624x417.jpg 624w\" sizes=\"(max-width: 700px) 100vw, 700px\" \/><\/a><\/p>\n<p><a href=\"http:\/\/www.buergerforum-steinerneshaus.de\/wordpress\/wp-content\/uploads\/2014\/07\/1P1080385.jpg\"target=_blank\"><img loading=\"lazy\" decoding=\"async\" src=\"http:\/\/www.buergerforum-steinerneshaus.de\/wordpress\/wp-content\/uploads\/2014\/07\/1P1080385.jpg\" alt=\"1P1080385\" width=\"700\" height=\"468\" class=\"alignright size-full wp-image-773\" srcset=\"https:\/\/www.buergerforum-steinerneshaus.de\/wordpress\/wp-content\/uploads\/2014\/07\/1P1080385.jpg 700w, https:\/\/www.buergerforum-steinerneshaus.de\/wordpress\/wp-content\/uploads\/2014\/07\/1P1080385-300x200.jpg 300w, https:\/\/www.buergerforum-steinerneshaus.de\/wordpress\/wp-content\/uploads\/2014\/07\/1P1080385-624x417.jpg 624w\" sizes=\"(max-width: 700px) 100vw, 700px\" \/><\/a><\/p>\n<p><a href=\"http:\/\/www.buergerforum-steinerneshaus.de\/wordpress\/wp-content\/uploads\/2014\/07\/1-P1080395.jpg\"target=_blank\"><img loading=\"lazy\" decoding=\"async\" src=\"http:\/\/www.buergerforum-steinerneshaus.de\/wordpress\/wp-content\/uploads\/2014\/07\/1-P1080395.jpg\" alt=\"1-P1080395\" width=\"700\" height=\"468\" class=\"alignright size-full wp-image-774\" srcset=\"https:\/\/www.buergerforum-steinerneshaus.de\/wordpress\/wp-content\/uploads\/2014\/07\/1-P1080395.jpg 700w, https:\/\/www.buergerforum-steinerneshaus.de\/wordpress\/wp-content\/uploads\/2014\/07\/1-P1080395-300x200.jpg 300w, https:\/\/www.buergerforum-steinerneshaus.de\/wordpress\/wp-content\/uploads\/2014\/07\/1-P1080395-624x417.jpg 624w\" sizes=\"(max-width: 700px) 100vw, 700px\" \/><\/a><\/p>\n<p><a href=\"http:\/\/www.buergerforum-steinerneshaus.de\/wordpress\/wp-content\/uploads\/2014\/07\/2P1080406.jpg\"target=_blank\"><img loading=\"lazy\" decoding=\"async\" src=\"http:\/\/www.buergerforum-steinerneshaus.de\/wordpress\/wp-content\/uploads\/2014\/07\/2P1080406.jpg\" alt=\"2P1080406\" width=\"700\" height=\"468\" class=\"alignright size-full wp-image-775\" srcset=\"https:\/\/www.buergerforum-steinerneshaus.de\/wordpress\/wp-content\/uploads\/2014\/07\/2P1080406.jpg 700w, https:\/\/www.buergerforum-steinerneshaus.de\/wordpress\/wp-content\/uploads\/2014\/07\/2P1080406-300x200.jpg 300w, https:\/\/www.buergerforum-steinerneshaus.de\/wordpress\/wp-content\/uploads\/2014\/07\/2P1080406-624x417.jpg 624w\" sizes=\"(max-width: 700px) 100vw, 700px\" \/><\/a><\/p>\n<p>+++<\/p>\n<p><strong>Schritt f\u00fcr Schritt entsteht die Br\u00fccke<\/strong><\/p>\n<p>(<em>27. Juni 2014<\/em>)  Am Freitag sind die Sandsteinkonsolen eingebaut worden.<br \/>\nEindrucksvolle Fotos der m\u00e4chtigen Bl\u00f6cke:<br \/>\n<a href=\"http:\/\/www.buergerforum-steinerneshaus.de\/wordpress\/wp-content\/uploads\/2014\/06\/11-IMAG0466.jpg\"target=_blank\"><img loading=\"lazy\" decoding=\"async\" src=\"http:\/\/www.buergerforum-steinerneshaus.de\/wordpress\/wp-content\/uploads\/2014\/06\/11-IMAG0466.jpg\" alt=\"11-IMAG0466\" width=\"700\" height=\"419\" class=\"alignright size-full wp-image-765\" srcset=\"https:\/\/www.buergerforum-steinerneshaus.de\/wordpress\/wp-content\/uploads\/2014\/06\/11-IMAG0466.jpg 700w, https:\/\/www.buergerforum-steinerneshaus.de\/wordpress\/wp-content\/uploads\/2014\/06\/11-IMAG0466-300x179.jpg 300w, https:\/\/www.buergerforum-steinerneshaus.de\/wordpress\/wp-content\/uploads\/2014\/06\/11-IMAG0466-624x373.jpg 624w\" sizes=\"(max-width: 700px) 100vw, 700px\" \/><\/a><br \/>\nund<br \/>\n<a href=\"http:\/\/www.buergerforum-steinerneshaus.de\/wordpress\/wp-content\/uploads\/2014\/06\/11-IMAG0467.jpg\"target=_blank\"><img loading=\"lazy\" decoding=\"async\" src=\"http:\/\/www.buergerforum-steinerneshaus.de\/wordpress\/wp-content\/uploads\/2014\/06\/11-IMAG0467.jpg\" alt=\"11-IMAG0467\" width=\"700\" height=\"419\" class=\"alignright size-full wp-image-766\" srcset=\"https:\/\/www.buergerforum-steinerneshaus.de\/wordpress\/wp-content\/uploads\/2014\/06\/11-IMAG0467.jpg 700w, https:\/\/www.buergerforum-steinerneshaus.de\/wordpress\/wp-content\/uploads\/2014\/06\/11-IMAG0467-300x179.jpg 300w, https:\/\/www.buergerforum-steinerneshaus.de\/wordpress\/wp-content\/uploads\/2014\/06\/11-IMAG0467-624x373.jpg 624w\" sizes=\"(max-width: 700px) 100vw, 700px\" \/><\/a><\/p>\n<p>+++<\/p>\n<p><strong>L\u00f6cher f\u00fcr die Auflager werden gestemmt<\/strong><\/p>\n<p>(<em>26. Juni 2014<\/em>) Am Donnerstag &#8211; hat Baufachmann Franz Wenzel mit seinen Helfern gro\u00dfe L\u00f6cher in die Sandsteinmauern links und rechts gestemmt. In diese vier L\u00f6cher werden heute die Sandsteinkonsolen versenkt. Wir lassen Bilder sprechen:<br \/>\n<div id=\"attachment_755\" style=\"width: 710px\" class=\"wp-caption alignleft\"><a href=\"http:\/\/www.buergerforum-steinerneshaus.de\/wordpress\/wp-content\/uploads\/2014\/06\/11-P1000707.jpg\"target_blank\"><img loading=\"lazy\" decoding=\"async\" aria-describedby=\"caption-attachment-755\" src=\"http:\/\/www.buergerforum-steinerneshaus.de\/wordpress\/wp-content\/uploads\/2014\/06\/11-P1000707.jpg\" alt=\"gemeinsame Begutachtung\" width=\"700\" height=\"525\" class=\"size-full wp-image-755\" srcset=\"https:\/\/www.buergerforum-steinerneshaus.de\/wordpress\/wp-content\/uploads\/2014\/06\/11-P1000707.jpg 700w, https:\/\/www.buergerforum-steinerneshaus.de\/wordpress\/wp-content\/uploads\/2014\/06\/11-P1000707-300x225.jpg 300w, https:\/\/www.buergerforum-steinerneshaus.de\/wordpress\/wp-content\/uploads\/2014\/06\/11-P1000707-624x468.jpg 624w\" sizes=\"(max-width: 700px) 100vw, 700px\" \/><\/a><p id=\"caption-attachment-755\" class=\"wp-caption-text\">gemeinsame Begutachtung<\/p><\/div><br \/>\n<div id=\"attachment_762\" style=\"width: 710px\" class=\"wp-caption aligncenter\"><a href=\"http:\/\/www.buergerforum-steinerneshaus.de\/wordpress\/wp-content\/uploads\/2014\/06\/11-IMAG0447.jpg\"target_blank\"><img loading=\"lazy\" decoding=\"async\" aria-describedby=\"caption-attachment-762\" src=\"http:\/\/www.buergerforum-steinerneshaus.de\/wordpress\/wp-content\/uploads\/2014\/06\/11-IMAG0447.jpg\" alt=\"hilfreiches Werkzeug\" width=\"700\" height=\"419\" class=\"size-full wp-image-762\" srcset=\"https:\/\/www.buergerforum-steinerneshaus.de\/wordpress\/wp-content\/uploads\/2014\/06\/11-IMAG0447.jpg 700w, https:\/\/www.buergerforum-steinerneshaus.de\/wordpress\/wp-content\/uploads\/2014\/06\/11-IMAG0447-300x179.jpg 300w, https:\/\/www.buergerforum-steinerneshaus.de\/wordpress\/wp-content\/uploads\/2014\/06\/11-IMAG0447-624x373.jpg 624w\" sizes=\"(max-width: 700px) 100vw, 700px\" \/><\/a><p id=\"caption-attachment-762\" class=\"wp-caption-text\">hilfreiches Werkzeug<\/p><\/div><br \/>\n<div id=\"attachment_757\" style=\"width: 710px\" class=\"wp-caption alignright\"><a href=\"http:\/\/www.buergerforum-steinerneshaus.de\/wordpress\/wp-content\/uploads\/2014\/06\/11-IMAG0452.jpg\"target_blank\"><img loading=\"lazy\" decoding=\"async\" aria-describedby=\"caption-attachment-757\" src=\"http:\/\/www.buergerforum-steinerneshaus.de\/wordpress\/wp-content\/uploads\/2014\/06\/11-IMAG0452.jpg\" alt=\"&quot;Bohrkern&quot;\" width=\"700\" height=\"419\" class=\"size-full wp-image-757\" srcset=\"https:\/\/www.buergerforum-steinerneshaus.de\/wordpress\/wp-content\/uploads\/2014\/06\/11-IMAG0452.jpg 700w, https:\/\/www.buergerforum-steinerneshaus.de\/wordpress\/wp-content\/uploads\/2014\/06\/11-IMAG0452-300x179.jpg 300w, https:\/\/www.buergerforum-steinerneshaus.de\/wordpress\/wp-content\/uploads\/2014\/06\/11-IMAG0452-624x373.jpg 624w\" sizes=\"(max-width: 700px) 100vw, 700px\" \/><\/a><p id=\"caption-attachment-757\" class=\"wp-caption-text\">&#8222;Bohrkern&#8220;<\/p><\/div><br \/>\n<div id=\"attachment_758\" style=\"width: 429px\" class=\"wp-caption alignright\"><a href=\"http:\/\/www.buergerforum-steinerneshaus.de\/wordpress\/wp-content\/uploads\/2014\/06\/11-IMAG0459.jpg\"target_blank\"><img loading=\"lazy\" decoding=\"async\" aria-describedby=\"caption-attachment-758\" src=\"http:\/\/www.buergerforum-steinerneshaus.de\/wordpress\/wp-content\/uploads\/2014\/06\/11-IMAG0459.jpg\" alt=\"tief gebohrt\" width=\"419\" height=\"700\" class=\"size-full wp-image-758\" srcset=\"https:\/\/www.buergerforum-steinerneshaus.de\/wordpress\/wp-content\/uploads\/2014\/06\/11-IMAG0459.jpg 419w, https:\/\/www.buergerforum-steinerneshaus.de\/wordpress\/wp-content\/uploads\/2014\/06\/11-IMAG0459-179x300.jpg 179w\" sizes=\"(max-width: 419px) 100vw, 419px\" \/><\/a><p id=\"caption-attachment-758\" class=\"wp-caption-text\">tief gebohrt<\/p><\/div><\/p>\n<p>+++<\/p>\n<p><strong>Vorbereitungen am Seemenbach<\/strong><\/p>\n<p>(<em>24. Juni 2014<\/em>) Seit Montag wird nicht nur in Bleichenbach, sondern auch am Seemenbach kr\u00e4ftig angepackt. Nachdem schon vor einiger Zeit die Mauern links und rechts des Bachbetts von Efeu befreit worden sind, wird nun einger\u00fcstet. Warum? Damit die Auflager f\u00fcr die Br\u00fccke gebaut werden k\u00f6nnen. <\/p>\n<p><a href=\"http:\/\/www.buergerforum-steinerneshaus.de\/wordpress\/wp-content\/uploads\/2014\/06\/IMAG0443.jpg\"><img loading=\"lazy\" decoding=\"async\" src=\"http:\/\/www.buergerforum-steinerneshaus.de\/wordpress\/wp-content\/uploads\/2014\/06\/IMAG0443-1024x613.jpg\" alt=\"IMAG0443\" width=\"625\" height=\"374\" class=\"aligncenter size-large wp-image-750\" srcset=\"https:\/\/www.buergerforum-steinerneshaus.de\/wordpress\/wp-content\/uploads\/2014\/06\/IMAG0443-1024x613.jpg 1024w, https:\/\/www.buergerforum-steinerneshaus.de\/wordpress\/wp-content\/uploads\/2014\/06\/IMAG0443-300x179.jpg 300w, https:\/\/www.buergerforum-steinerneshaus.de\/wordpress\/wp-content\/uploads\/2014\/06\/IMAG0443-624x373.jpg 624w\" sizes=\"(max-width: 625px) 100vw, 625px\" \/><\/a><\/p>\n<p>+++<\/p>\n<p><strong>Probemontage<\/strong><\/p>\n<p>(<em>22. Juni 2014<\/em>) Am Samstag haben wir in Bleichenbach einen Teil der Br\u00fccke zur Probe montiert. Was man hier sieht, ist nicht die Laufebene, sondern das Auflager f\u00fcr das Dach. Fazit: Sie wird!<\/p>\n<div id=\"attachment_742\" style=\"width: 489px\" class=\"wp-caption aligncenter\"><a href=\"http:\/\/www.buergerforum-steinerneshaus.de\/wordpress\/wp-content\/uploads\/2014\/06\/IMG-20140621-WA0014.jpg\"><img loading=\"lazy\" decoding=\"async\" aria-describedby=\"caption-attachment-742\" src=\"http:\/\/www.buergerforum-steinerneshaus.de\/wordpress\/wp-content\/uploads\/2014\/06\/IMG-20140621-WA0014.jpg\" alt=\"Probemontage I\" width=\"479\" height=\"800\" class=\"size-full wp-image-742\" srcset=\"https:\/\/www.buergerforum-steinerneshaus.de\/wordpress\/wp-content\/uploads\/2014\/06\/IMG-20140621-WA0014.jpg 479w, https:\/\/www.buergerforum-steinerneshaus.de\/wordpress\/wp-content\/uploads\/2014\/06\/IMG-20140621-WA0014-179x300.jpg 179w\" sizes=\"(max-width: 479px) 100vw, 479px\" \/><\/a><p id=\"caption-attachment-742\" class=\"wp-caption-text\">Probemontage I<\/p><\/div>\n<div id=\"attachment_743\" style=\"width: 810px\" class=\"wp-caption aligncenter\"><a href=\"http:\/\/www.buergerforum-steinerneshaus.de\/wordpress\/wp-content\/uploads\/2014\/06\/IMG-20140621-WA0015.jpg\"><img loading=\"lazy\" decoding=\"async\" aria-describedby=\"caption-attachment-743\" src=\"http:\/\/www.buergerforum-steinerneshaus.de\/wordpress\/wp-content\/uploads\/2014\/06\/IMG-20140621-WA0015.jpg\" alt=\"Probemontage II\" width=\"800\" height=\"479\" class=\"size-full wp-image-743\" srcset=\"https:\/\/www.buergerforum-steinerneshaus.de\/wordpress\/wp-content\/uploads\/2014\/06\/IMG-20140621-WA0015.jpg 800w, https:\/\/www.buergerforum-steinerneshaus.de\/wordpress\/wp-content\/uploads\/2014\/06\/IMG-20140621-WA0015-300x179.jpg 300w, https:\/\/www.buergerforum-steinerneshaus.de\/wordpress\/wp-content\/uploads\/2014\/06\/IMG-20140621-WA0015-624x373.jpg 624w\" sizes=\"(max-width: 800px) 100vw, 800px\" \/><\/a><p id=\"caption-attachment-743\" class=\"wp-caption-text\">Probemontage II<\/p><\/div>\n<div id=\"attachment_744\" style=\"width: 810px\" class=\"wp-caption aligncenter\"><a href=\"http:\/\/www.buergerforum-steinerneshaus.de\/wordpress\/wp-content\/uploads\/2014\/06\/IMG-20140621-WA0016.jpg\"><img loading=\"lazy\" decoding=\"async\" aria-describedby=\"caption-attachment-744\" src=\"http:\/\/www.buergerforum-steinerneshaus.de\/wordpress\/wp-content\/uploads\/2014\/06\/IMG-20140621-WA0016.jpg\" alt=\"Probemontage III\" width=\"800\" height=\"479\" class=\"size-full wp-image-744\" srcset=\"https:\/\/www.buergerforum-steinerneshaus.de\/wordpress\/wp-content\/uploads\/2014\/06\/IMG-20140621-WA0016.jpg 800w, https:\/\/www.buergerforum-steinerneshaus.de\/wordpress\/wp-content\/uploads\/2014\/06\/IMG-20140621-WA0016-300x179.jpg 300w, https:\/\/www.buergerforum-steinerneshaus.de\/wordpress\/wp-content\/uploads\/2014\/06\/IMG-20140621-WA0016-624x373.jpg 624w\" sizes=\"(max-width: 800px) 100vw, 800px\" \/><\/a><p id=\"caption-attachment-744\" class=\"wp-caption-text\">Probemontage III<\/p><\/div>\n<p>+++<\/p>\n<p><strong>Das Holz ist da<\/strong><\/p>\n<p>(<em>6. Juni 2014<\/em>) Das Holz ist angekommen und liegt nun auf einem gro\u00dfen Stapel in der Werkstatt von Dieter Gottmann in Bleichenbach. Gemeinsam mit B\u00fcrgerforumschef Hubertus Protz und Architekt Reinhold Melzer hat der Zimmermann die Arbeit an der Schlossm\u00fchlenbr\u00fccke begonnen. Aber sehen Sie selbst:<\/p>\n<div id=\"attachment_695\" style=\"width: 710px\" class=\"wp-caption aligncenter\"><a href=\"http:\/\/www.buergerforum-steinerneshaus.de\/wordpress\/wp-content\/uploads\/2014\/06\/1-P1070836.jpg\"><img loading=\"lazy\" decoding=\"async\" aria-describedby=\"caption-attachment-695\" src=\"http:\/\/www.buergerforum-steinerneshaus.de\/wordpress\/wp-content\/uploads\/2014\/06\/1-P1070836.jpg\" alt=\"Reinhold Melzer, Hubertus Protz und Dieter Gottmann in der Zimmerei\" width=\"700\" height=\"468\" class=\"size-full wp-image-695\" srcset=\"https:\/\/www.buergerforum-steinerneshaus.de\/wordpress\/wp-content\/uploads\/2014\/06\/1-P1070836.jpg 700w, https:\/\/www.buergerforum-steinerneshaus.de\/wordpress\/wp-content\/uploads\/2014\/06\/1-P1070836-300x200.jpg 300w, https:\/\/www.buergerforum-steinerneshaus.de\/wordpress\/wp-content\/uploads\/2014\/06\/1-P1070836-624x417.jpg 624w\" sizes=\"(max-width: 700px) 100vw, 700px\" \/><\/a><p id=\"caption-attachment-695\" class=\"wp-caption-text\">Reinhold Melzer, Hubertus Protz und Dieter Gottmann in der Zimmerei<\/p><\/div>\n<div id=\"attachment_696\" style=\"width: 710px\" class=\"wp-caption aligncenter\"><a href=\"http:\/\/www.buergerforum-steinerneshaus.de\/wordpress\/wp-content\/uploads\/2014\/06\/1-P1070855.jpg\"><img loading=\"lazy\" decoding=\"async\" aria-describedby=\"caption-attachment-696\" src=\"http:\/\/www.buergerforum-steinerneshaus.de\/wordpress\/wp-content\/uploads\/2014\/06\/1-P1070855.jpg\" alt=\"Rauf mit dem Holz und an die Arbeit!\" width=\"700\" height=\"468\" class=\"size-full wp-image-696\" srcset=\"https:\/\/www.buergerforum-steinerneshaus.de\/wordpress\/wp-content\/uploads\/2014\/06\/1-P1070855.jpg 700w, https:\/\/www.buergerforum-steinerneshaus.de\/wordpress\/wp-content\/uploads\/2014\/06\/1-P1070855-300x200.jpg 300w, https:\/\/www.buergerforum-steinerneshaus.de\/wordpress\/wp-content\/uploads\/2014\/06\/1-P1070855-624x417.jpg 624w\" sizes=\"(max-width: 700px) 100vw, 700px\" \/><\/a><p id=\"caption-attachment-696\" class=\"wp-caption-text\">Rauf mit dem Holz und an die Arbeit!<\/p><\/div>\n","protected":false},"excerpt":{"rendered":"<p>Hier finden Sie alle Artikel zum Br\u00fcckenbau, die seit Beginn der eigentlichen Bauphase auf unserer Homepage ver\u00f6ffentlicht worden sind. Damit m\u00f6chten wir Ihnen Gelegenheit geben, sich einen \u00dcberblick \u00fcber das Projekt zu verschaffen und den Bau der Br\u00fccke mitzuverfolgen. Eingeweiht und den B\u00fcdingern \u00fcbergeben (22. Juli 2014) Jonas Throm hat unsere Einweihungsfeier mit Hilfe einer [&hellip;]<\/p>\n","protected":false},"author":1,"featured_media":0,"parent":0,"menu_order":0,"comment_status":"open","ping_status":"open","template":"","meta":{"footnotes":""},"class_list":["post-64","page","type-page","status-publish","hentry"],"_links":{"self":[{"href":"https:\/\/www.buergerforum-steinerneshaus.de\/wordpress\/index.php?rest_route=\/wp\/v2\/pages\/64"}],"collection":[{"href":"https:\/\/www.buergerforum-steinerneshaus.de\/wordpress\/index.php?rest_route=\/wp\/v2\/pages"}],"about":[{"href":"https:\/\/www.buergerforum-steinerneshaus.de\/wordpress\/index.php?rest_route=\/wp\/v2\/types\/page"}],"author":[{"embeddable":true,"href":"https:\/\/www.buergerforum-steinerneshaus.de\/wordpress\/index.php?rest_route=\/wp\/v2\/users\/1"}],"replies":[{"embeddable":true,"href":"https:\/\/www.buergerforum-steinerneshaus.de\/wordpress\/index.php?rest_route=%2Fwp%2Fv2%2Fcomments&post=64"}],"version-history":[{"count":26,"href":"https:\/\/www.buergerforum-steinerneshaus.de\/wordpress\/index.php?rest_route=\/wp\/v2\/pages\/64\/revisions"}],"predecessor-version":[{"id":969,"href":"https:\/\/www.buergerforum-steinerneshaus.de\/wordpress\/index.php?rest_route=\/wp\/v2\/pages\/64\/revisions\/969"}],"wp:attachment":[{"href":"https:\/\/www.buergerforum-steinerneshaus.de\/wordpress\/index.php?rest_route=%2Fwp%2Fv2%2Fmedia&parent=64"}],"curies":[{"name":"wp","href":"https:\/\/api.w.org\/{rel}","templated":true}]}}